{"version":"1.0","provider_name":"Madrid","provider_url":"https:\/\/blogs.es.amnesty.org\/madrid","title":"Dos a\u00f1os amordazados - Madrid","type":"rich","width":600,"height":338,"html":"<blockquote class=\"wp-embedded-content\" data-secret=\"wCsUUb3HmB\"><a href=\"https:\/\/blogs.es.amnesty.org\/madrid\/2017\/06\/30\/dos-anos-amordazados\/\">Dos a\u00f1os amordazados<\/a><\/blockquote><iframe sandbox=\"allow-scripts\" security=\"restricted\" src=\"https:\/\/blogs.es.amnesty.org\/madrid\/2017\/06\/30\/dos-anos-amordazados\/embed\/#?secret=wCsUUb3HmB\" width=\"600\" height=\"338\" title=\"\u00abDos a\u00f1os amordazados\u00bb \u2014 Madrid\" data-secret=\"wCsUUb3HmB\" frameborder=\"0\" marginwidth=\"0\" marginheight=\"0\" scrolling=\"no\" class=\"wp-embedded-content\"><\/iframe><script>\n\/*! This file is auto-generated *\/\n!function(d,l){\"use strict\";l.querySelector&&d.addEventListener&&\"undefined\"!=typeof URL&&(d.wp=d.wp||{},d.wp.receiveEmbedMessage||(d.wp.receiveEmbedMessage=function(e){var t=e.data;if((t||t.secret||t.message||t.value)&&!\/[^a-zA-Z0-9]\/.test(t.secret)){for(var s,r,n,a=l.querySelectorAll('iframe[data-secret=\"'+t.secret+'\"]'),o=l.querySelectorAll('blockquote[data-secret=\"'+t.secret+'\"]'),c=new RegExp(\"^https?:$\",\"i\"),i=0;i<o.length;i++)o[i].style.display=\"none\";for(i=0;i<a.length;i++)s=a[i],e.source===s.contentWindow&&(s.removeAttribute(\"style\"),\"height\"===t.message?(1e3<(r=parseInt(t.value,10))?r=1e3:~~r<200&&(r=200),s.height=r):\"link\"===t.message&&(r=new URL(s.getAttribute(\"src\")),n=new URL(t.value),c.test(n.protocol))&&n.host===r.host&&l.activeElement===s&&(d.top.location.href=t.value))}},d.addEventListener(\"message\",d.wp.receiveEmbedMessage,!1),l.addEventListener(\"DOMContentLoaded\",function(){for(var e,t,s=l.querySelectorAll(\"iframe.wp-embedded-content\"),r=0;r<s.length;r++)(t=(e=s[r]).getAttribute(\"data-secret\"))||(t=Math.random().toString(36).substring(2,12),e.src+=\"#?secret=\"+t,e.setAttribute(\"data-secret\",t)),e.contentWindow.postMessage({message:\"ready\",secret:t},\"*\")},!1)))}(window,document);\n\/\/# sourceURL=https:\/\/blogs.es.amnesty.org\/madrid\/wp-includes\/js\/wp-embed.min.js\n<\/script>\n","thumbnail_url":"https:\/\/blogs.es.amnesty.org\/files\/uploads\/sites\/4\/2017\/06\/1212121.png","thumbnail_width":876,"thumbnail_height":608,"description":"Bel\u00e9n pasea cerca del estadio Vicente Calder\u00f3n.  Est\u00e1 distra\u00edda mirando el m\u00f3vil.  Pero en un momento nota que dos polic\u00edas corren hacia ella.  Le gritan que se detenga.  La abordan.  Le exigen la documentaci\u00f3n."}